{"id":615,"date":"2018-04-06T13:09:54","date_gmt":"2018-04-06T11:09:54","guid":{"rendered":"http:\/\/wp.pixerecourt.fr\/legumineuse\/?page_id=615"},"modified":"2023-11-28T08:31:28","modified_gmt":"2023-11-28T07:31:28","slug":"cartographie-des-producteurs","status":"publish","type":"page","link":"https:\/\/wp.pixerecourt.fr\/legumineuse\/cartographie-des-producteurs\/","title":{"rendered":"Cartographie des producteurs"},"content":{"rendered":"<p class=\"error\">Basic Google Maps Placemarks erreur\u00a0: les fichiers JavaScript et\/ou CSS n\u2019ont pas pu \u00eatre charg\u00e9s. SI vous utilisez la fonction do_shortcode(), vous devez d\u2019abord ajouter un filtre \u00e0 votre th\u00e8me. Voir <a href=\"http:\/\/wordpress.org\/extend\/plugins\/basic-google-maps-placemarks\/faq\/\">la FAQ<\/a> pour plus de d\u00e9tails.<\/p>\n<p><b>Producteurs de l\u00e9gumineuses de la r\u00e9gion Lorraine (Premier recensement fin 2017 -Dernier recensement fin 2022) :<\/b><\/p>\n<table style=\"width: 100%;\">\n<tbody>\n<tr>\n<td style=\"width: 14%;\"><a href=\"http:\/\/wp.pixerecourt.fr\/legumineuse\/placemarks\/earl-de-la-fete-famille-vauthier\/\">1-EARL de la f\u00eate<\/a>Lentilles<\/td>\n<td style=\"width: 14%;\"><a href=\"http:\/\/wp.pixerecourt.fr\/legumineuse\/placemarks\/gaec-des-terres-froides\/\">2-GAEC des Terres Froides<\/a>Lentille, Pois, Pois chiches<\/td>\n<td style=\"width: 14%;\"><a href=\"http:\/\/wp.pixerecourt.fr\/legumineuse\/placemarks\/earl-du-bon-air\/\">3-EARL du Bon Air<\/a>Lentilles<\/td>\n<td style=\"width: 14%;\"><a href=\"http:\/\/wp.pixerecourt.fr\/legumineuse\/placemarks\/gaec-du-sillion\/\">4-GAEC du Sillon<\/a>Lentilles, Pois chiche<\/td>\n<\/tr>\n<tr>\n<td style=\"width: 14%;\"><a href=\"http:\/\/wp.pixerecourt.fr\/legumineuse\/placemarks\/le-moulin-du-petit-poucet\/\">5-Le Moulin du Petit Poucet<\/a>Lentilles<\/td>\n<td style=\"width: 14%;\"><a href=\"http:\/\/wp.pixerecourt.fr\/legumineuse\/placemarks\/jean-philippe-schwartz\/\">6-Jean-Philippe SCHWARTZ<\/a>Lentilles<\/td>\n<td style=\"width: 14%;\"><a href=\"http:\/\/wp.pixerecourt.fr\/legumineuse\/placemarks\/david-hypolite\/\">7-David HYPOLITE<\/a>Lentilles<\/td>\n<td style=\"width: 14%;\"><a href=\"http:\/\/wp.pixerecourt.fr\/legumineuse\/placemarks\/scea-de-la-gloriette\/\">8-SCEA de la Gloriette<\/a>Lentilles, Pois chiches<\/td>\n<\/tr>\n<tr>\n<td style=\"width: 14%;\"><a href=\"http:\/\/wp.pixerecourt.fr\/legumineuse\/placemarks\/ferme-de-bel-air\/\">9-GAEC Bel Air<\/a>Lentilles, Pois<\/td>\n<td style=\"width: 14%;\"><a href=\"http:\/\/wp.pixerecourt.fr\/legumineuse\/placemarks\/gaec-reville\/\">10-GAEC Reville Bio<\/a>Lentilles<\/td>\n<td style=\"width: 14%;\"><a href=\"http:\/\/wp.pixerecourt.fr\/legumineuse\/placemarks\/earl-des-grives\/\">11-EARL des Grives<\/a>Petits pois, Pois, Haricots<\/td>\n<td style=\"width: 14%;\"><a href=\"http:\/\/wp.pixerecourt.fr\/legumineuse\/placemarks\/la-ferme-des-3-provinces\/\">12-Fermes des 3 provinces<\/a>Lentilles<\/td>\n<\/tr>\n<tr>\n<td style=\"width: 14%;\"><a href=\"http:\/\/wp.pixerecourt.fr\/legumineuse\/placemarks\/gaec-des-grands-pres-p-renard-c-decorny\/\">13-GAEC Des Grand Pr\u00e9s<\/a>Lentilles, Soja<\/td>\n<td style=\"width: 14%;\"><a href=\"http:\/\/wp.pixerecourt.fr\/legumineuse\/placemarks\/gaec-des-raillis-arnaud-schmitt\/\">14-GAEC des Raillis<\/a>Lentilles<\/td>\n<td style=\"width: 14%;\"><a href=\"https:\/\/wp.pixerecourt.fr\/legumineuse\/placemarks\/scea-de-la-charmille\/\">15-SCEA de la Charmille<\/a>Lentilles, Haricots<\/td>\n<td style=\"width: 14%;\"><a href=\"http:\/\/wp.pixerecourt.fr\/legumineuse\/placemarks\/le-pre-vert\/\">16-Le Pr\u00e9 Vert-Expl. Ind.<\/a>Soja, Lentilles<\/td>\n<\/tr>\n<tr>\n<td style=\"width: 14%;\"><a href=\"http:\/\/wp.pixerecourt.fr\/legumineuse\/placemarks\/earl-de-la-basse-cour\/\">17-EARL de la Basse Cour<\/a>Pois chiches, Pois, Lentilles<\/td>\n<td style=\"width: 14%;\"><a href=\"http:\/\/wp.pixerecourt.fr\/legumineuse\/placemarks\/gaec-dalterville-g-barthelemy-t-schmitt\/\">18-GAEC d\u2019 Alteville<\/a>Lentilles<\/td>\n<td style=\"width: 14%;\"><a href=\"http:\/\/wp.pixerecourt.fr\/legumineuse\/placemarks\/michel-francois\/\">19-Michel FRAN\u00c7OIS -Expl. Ind.<\/a>Lentilles<\/td>\n<td style=\"width: 14%;\"><a href=\"http:\/\/wp.pixerecourt.fr\/legumineuse\/placemarks\/ferme-des-terres-noires\/\">20-Ferme des terres noires<\/a>Pois, Haricots<\/td>\n<\/tr>\n<tr>\n<td style=\"width: 14%;\"><a href=\"http:\/\/wp.pixerecourt.fr\/legumineuse\/placemarks\/les-jardins-dhusange-association-aico\/\">21-Association A\u00cfCO<\/a>Les Jardins d\u2019 HusangePois, Haricots<\/td>\n<td style=\"width: 14%;\"><a href=\"http:\/\/wp.pixerecourt.fr\/legumineuse\/placemarks\/earl-de-la-grande-pa\/\">22-EARL de la Grande PA<\/a>Lentilles<\/td>\n<td style=\"width: 14%;\"><a href=\"http:\/\/wp.pixerecourt.fr\/legumineuse\/placemarks\/inra-unite-aster\/\">23-INRA Unit\u00e9 Aster<\/a>Lentillons, Lentilles, Pois chiches<\/td>\n<td style=\"width: 14%;\"><a href=\"http:\/\/wp.pixerecourt.fr\/legumineuse\/placemarks\/gaec-label-terre\/\">24-GAEC Label Terre<\/a>Lentillons, Pois chiches, Lentilles<\/td>\n<\/tr>\n<tr>\n<td style=\"width: 14%;\"><a href=\"http:\/\/wp.pixerecourt.fr\/legumineuse\/placemarks\/earl-haie-henry\/\" data-wplink-edit=\"true\">25-Ferme Haie Henry<\/a>Lentilles, Pois chiches<\/td>\n<td style=\"width: 14%;\"><a href=\"http:\/\/wp.pixerecourt.fr\/legumineuse\/placemarks\/les-jardins-de-madame\/\">26-Les jardins de Madam<\/a>Haricots rouge, lentilles corail, pois carr\u00e9<\/td>\n<td style=\"width: 14%;\"><a href=\"http:\/\/wp.pixerecourt.fr\/legumineuse\/placemarks\/gaec-robinet\/\">35-GAEC Robinet<\/a>Lentilles<\/td>\n<td style=\"width: 14%;\"><a href=\"https:\/\/wp.pixerecourt.fr\/legumineuse\/placemarks\/earl-de-vermeze\/\">36-EARL de Vermeze<\/a>Lentilles<\/td>\n<\/tr>\n<\/tbody>\n<\/table>\n<p><strong>Producteurs participants au projet de pr\u00e9servation des aires de captage (Premier recensement fin 2020 &#8211; Dernier recensement fin 2022)<br \/>\n<\/strong><\/p>\n<table style=\"width: 100%;\">\n<tbody>\n<tr>\n<td style=\"width: 14%;\"><a href=\"http:\/\/wp.pixerecourt.fr\/legumineuse\/placemarks\/earl-de-la-grande-pa\/\">28-EARL de la Grande PA<\/a>Lentilles de pr\u00e9servation de captage<\/td>\n<td style=\"width: 14%;\"><a href=\"http:\/\/wp.pixerecourt.fr\/legumineuse\/placemarks\/earl-ste-barbe\/\">29-EARL Sainte-Barbe<\/a>Lentilles de pr\u00e9servation de captages<\/td>\n<td style=\"width: 14%;\"><a href=\"http:\/\/wp.pixerecourt.fr\/legumineuse\/placemarks\/earl-des-trambles\/\">30-EARL des Trambles<\/a>Lentilles de pr\u00e9servation de captages<\/td>\n<td style=\"width: 14%;\"><a href=\"http:\/\/wp.pixerecourt.fr\/legumineuse\/placemarks\/earl-de-la-mance\/\">31-EARL de la Mance<\/a>Lentilles de pr\u00e9servation de captages<\/td>\n<\/tr>\n<tr>\n<td style=\"width: 14%;\"><a href=\"http:\/\/wp.pixerecourt.fr\/legumineuse\/placemarks\/gaec-des-4-vents\/\">32-EARL des 4 Vents <\/a>Lentilles de pr\u00e9servation de captages<\/td>\n<td style=\"width: 14%;\"><a href=\"http:\/\/wp.pixerecourt.fr\/legumineuse\/placemarks\/scea-du-val-de-meuse\/\">33-SCEA du Val de Meuse<\/a>Lentilles de pr\u00e9servation de captages<\/td>\n<td style=\"width: 14%;\"><a href=\"https:\/\/wp.pixerecourt.fr\/legumineuse\/charles-aubriot\/\">34-Charles Aubriot<\/a>Lentilles de pr\u00e9servation de captages<\/td>\n<td>&nbsp;<\/td>\n<\/tr>\n<\/tbody>\n<\/table>\n","protected":false},"excerpt":{"rendered":"<p>Producteurs de l\u00e9gumineuses de la r\u00e9gion Lorraine (Premier recensement fin 2017 -Dernier recensement fin 2022) : 1-EARL de la f\u00eateLentilles 2-GAEC des Terres FroidesLentille, Pois, Pois chiches 3-EARL du Bon AirLentilles 4-GAEC du SillonLentilles, Pois chiche 5-Le Moulin du Petit PoucetLentilles 6-Jean-Philippe SCHWARTZLentilles 7-David HYPOLITELentilles 8-SCEA de la GlorietteLentilles, Pois chiches 9-GAEC Bel AirLentilles, Pois [&hellip;]<\/p>\n","protected":false},"author":207,"featured_media":0,"parent":0,"menu_order":0,"comment_status":"closed","ping_status":"closed","template":"","meta":{"ngg_post_thumbnail":0,"footnotes":""},"class_list":["post-615","page","type-page","status-publish","hentry"],"_links":{"self":[{"href":"https:\/\/wp.pixerecourt.fr\/legumineuse\/wp-json\/wp\/v2\/pages\/615","targetHints":{"allow":["GET"]}}],"collection":[{"href":"https:\/\/wp.pixerecourt.fr\/legumineuse\/wp-json\/wp\/v2\/pages"}],"about":[{"href":"https:\/\/wp.pixerecourt.fr\/legumineuse\/wp-json\/wp\/v2\/types\/page"}],"author":[{"embeddable":true,"href":"https:\/\/wp.pixerecourt.fr\/legumineuse\/wp-json\/wp\/v2\/users\/207"}],"replies":[{"embeddable":true,"href":"https:\/\/wp.pixerecourt.fr\/legumineuse\/wp-json\/wp\/v2\/comments?post=615"}],"version-history":[{"count":40,"href":"https:\/\/wp.pixerecourt.fr\/legumineuse\/wp-json\/wp\/v2\/pages\/615\/revisions"}],"predecessor-version":[{"id":4396,"href":"https:\/\/wp.pixerecourt.fr\/legumineuse\/wp-json\/wp\/v2\/pages\/615\/revisions\/4396"}],"wp:attachment":[{"href":"https:\/\/wp.pixerecourt.fr\/legumineuse\/wp-json\/wp\/v2\/media?parent=615"}],"curies":[{"name":"wp","href":"https:\/\/api.w.org\/{rel}","templated":true}]}}