{"id":344,"date":"2018-04-03T11:25:15","date_gmt":"2018-04-03T09:25:15","guid":{"rendered":"http:\/\/wp.pixerecourt.fr\/legumineuse\/?page_id=344"},"modified":"2023-03-28T15:21:11","modified_gmt":"2023-03-28T13:21:11","slug":"page-dacceuil","status":"publish","type":"page","link":"https:\/\/wp.pixerecourt.fr\/legumineuse\/","title":{"rendered":""},"content":{"rendered":"<p><img loading=\"lazy\" decoding=\"async\" class=\"alignnone size-full wp-image-4185\" src=\"http:\/\/wp.pixerecourt.fr\/legumineuse\/wp-content\/uploads\/sites\/57\/2023\/03\/bandau-logo.jpg\" alt=\"\" width=\"1800\" height=\"284\" srcset=\"https:\/\/wp.pixerecourt.fr\/legumineuse\/wp-content\/uploads\/sites\/57\/2023\/03\/bandau-logo.jpg 1800w, https:\/\/wp.pixerecourt.fr\/legumineuse\/wp-content\/uploads\/sites\/57\/2023\/03\/bandau-logo-768x121.jpg 768w, https:\/\/wp.pixerecourt.fr\/legumineuse\/wp-content\/uploads\/sites\/57\/2023\/03\/bandau-logo-600x95.jpg 600w, https:\/\/wp.pixerecourt.fr\/legumineuse\/wp-content\/uploads\/sites\/57\/2023\/03\/bandau-logo-300x47.jpg 300w, https:\/\/wp.pixerecourt.fr\/legumineuse\/wp-content\/uploads\/sites\/57\/2023\/03\/bandau-logo-1024x162.jpg 1024w, https:\/\/wp.pixerecourt.fr\/legumineuse\/wp-content\/uploads\/sites\/57\/2023\/03\/bandau-logo-800x126.jpg 800w\" sizes=\"auto, (max-width: 1800px) 100vw, 1800px\" \/><\/p>\n<p>&nbsp;<\/p>\n<p style=\"text-align: center;\"><span style=\"font-size: 36pt;\">1, 2, 3, LEGUMINEZ !<\/span><\/p>\n<p>&nbsp;<\/p>\n<p style=\"text-align: justify;\"><span style=\"font-size: 14pt;\">&nbsp; &nbsp; &nbsp; &nbsp; &nbsp; &nbsp; &nbsp; Les <strong>l\u00e9gumineuses<\/strong>, par leurs <strong>int\u00e9r\u00eats agronomiques et nutritionnels,<\/strong> contribuent \u00e0 la <strong>r\u00e9ponse aux enjeux environnementaux, soci\u00e9taux, \u00e9conomiques et de sant\u00e9 publique<\/strong> des fili\u00e8res agricoles et agroalimentaires mondiales, nationales et r\u00e9gionales ( de la production \u00e0 la consommation, en passant par la transformation, la valorisation, et la distribution). Ainsi les l\u00e9gumineuses s&rsquo;inscrivent \u00e0 la fois dans les ambitions des programmes li\u00e9s \u00e0 l&rsquo;agriculture comme <strong>le Plan National Agro-\u00e9cologie pour la France,<\/strong> mais \u00e9galement dans ceux li\u00e9s \u00e0 l&rsquo;alimentation et \u00e0 la sant\u00e9 publique tels que le <strong>PNA<\/strong>, le <strong>PNNS<\/strong> le <strong>P<\/strong><strong>lan National Prot\u00e9ines V\u00e9g\u00e9tales Pour la France<\/strong>, les<strong> recommandations de l&rsquo;ANSES<\/strong> <strong>ou encore derni\u00e8rement les Etats G\u00e9n\u00e9raux de l&rsquo;alimentation.<\/strong><\/span><\/p>\n<p>&nbsp;<\/p>\n<p style=\"text-align: justify;\"><span style=\"font-size: 14pt;\">&nbsp; &nbsp; &nbsp; &nbsp; &nbsp; &nbsp; &nbsp; Depuis fin 2015, <strong>l&rsquo;EPL54 accompagne des projets de diversification de producteurs de l\u00e9gumineuse et m\u00e8ne des actions de sensibilisation sur la th\u00e9matique<\/strong> dans le cadre de son projet CASDAR TAE 2015-2017 \u00a0\u00bb Valorisation des prot\u00e9agineux produits localement par l&rsquo;\u00e9laboration de produits adapt\u00e9s \u00e0 l&rsquo;alimentation humaine en vue de la commercialisation par les circuits courts. <\/span><\/p>\n<p style=\"text-align: justify;\"><span style=\"font-size: 14pt;\">&nbsp; &nbsp; &nbsp; &nbsp; &nbsp; &nbsp; &nbsp; En plus de ceci l&rsquo;EPL 54 est d\u00e9sormais engag\u00e9e avec les diff\u00e9rentes chambres d&rsquo;agricultures de Lorraine dans un projet de <strong>soutien et d\u00e9veloppement d&rsquo;une fili\u00e8re l\u00e9gumineuse de pr\u00e9servation des aires de captages<\/strong>. Ce projet a pour but, avec 8 producteurs lorrains pour l&rsquo;instant, de permettre de trouver des d\u00e9bouch\u00e9s \u00e0 la culture des l\u00e9gumineuses dans un but \u00e9cologique, agronomique et technologique.&nbsp;<\/span><\/p>\n<p>&nbsp;<\/p>\n\n","protected":false},"excerpt":{"rendered":"<p>&nbsp; 1, 2, 3, LEGUMINEZ ! &nbsp; &nbsp; &nbsp; &nbsp; &nbsp; &nbsp; &nbsp; &nbsp; Les l\u00e9gumineuses, par leurs int\u00e9r\u00eats agronomiques et nutritionnels, contribuent \u00e0 la r\u00e9ponse aux enjeux environnementaux, soci\u00e9taux, \u00e9conomiques et de sant\u00e9 publique des fili\u00e8res agricoles et agroalimentaires mondiales, nationales et r\u00e9gionales ( de la production \u00e0 la consommation, en passant par la [&hellip;]<\/p>\n","protected":false},"author":207,"featured_media":0,"parent":0,"menu_order":0,"comment_status":"closed","ping_status":"closed","template":"","meta":{"ngg_post_thumbnail":0,"footnotes":""},"class_list":["post-344","page","type-page","status-publish","hentry"],"_links":{"self":[{"href":"https:\/\/wp.pixerecourt.fr\/legumineuse\/wp-json\/wp\/v2\/pages\/344","targetHints":{"allow":["GET"]}}],"collection":[{"href":"https:\/\/wp.pixerecourt.fr\/legumineuse\/wp-json\/wp\/v2\/pages"}],"about":[{"href":"https:\/\/wp.pixerecourt.fr\/legumineuse\/wp-json\/wp\/v2\/types\/page"}],"author":[{"embeddable":true,"href":"https:\/\/wp.pixerecourt.fr\/legumineuse\/wp-json\/wp\/v2\/users\/207"}],"replies":[{"embeddable":true,"href":"https:\/\/wp.pixerecourt.fr\/legumineuse\/wp-json\/wp\/v2\/comments?post=344"}],"version-history":[{"count":8,"href":"https:\/\/wp.pixerecourt.fr\/legumineuse\/wp-json\/wp\/v2\/pages\/344\/revisions"}],"predecessor-version":[{"id":4187,"href":"https:\/\/wp.pixerecourt.fr\/legumineuse\/wp-json\/wp\/v2\/pages\/344\/revisions\/4187"}],"wp:attachment":[{"href":"https:\/\/wp.pixerecourt.fr\/legumineuse\/wp-json\/wp\/v2\/media?parent=344"}],"curies":[{"name":"wp","href":"https:\/\/api.w.org\/{rel}","templated":true}]}}