{"id":133,"date":"2015-08-24T19:02:03","date_gmt":"2015-08-24T19:02:03","guid":{"rendered":"http:\/\/wp.pixerecourt.fr\/granderegion\/?page_id=133"},"modified":"2018-04-30T19:27:39","modified_gmt":"2018-04-30T18:27:39","slug":"glossaire","status":"publish","type":"page","link":"https:\/\/wp.pixerecourt.fr\/granderegion\/glossaire\/","title":{"rendered":"Glossaire"},"content":{"rendered":"<h2><span style=\"color: #008000\">A<\/span><\/h2>\n<p><strong>ACSE<\/strong> : Analyse et Conduite de Syst\u00e8mes d&rsquo;Exploitation (BTSA).<br \/>\n<strong>ADT<\/strong> : <span class=\"st\">Animation et D\u00e9veloppement des Territoires.<br \/>\n<\/span><span class=\"st\"><strong>APAL<\/strong> : Association de Production Animale de L&rsquo;Est &#8211; <a href=\"http:\/\/www.asso-apal.fr\" target=\"_blank\" rel=\"noopener\">site<\/a>.<br \/>\n<strong>APV<\/strong> : agronomie et production v\u00e9g\u00e9tale (BTSA).<br \/>\n<\/span><\/p>\n<h2><span style=\"color: #008000\">B<\/span><\/h2>\n<p><strong>BNEDD<\/strong> : <span class=\"st\">Bildung f\u00fcr nachhaltige Entwicklung &#8211; Education au D\u00e9veloppement Durable &#8211; <a href=\"http:\/\/www.bne-grossregion.net\/fr\/\" target=\"_blank\" rel=\"noopener\">site<\/a>.<\/span><strong><br \/>\nBP REA<\/strong> : <span class=\"st\">Brevet Professionnel Responsable d&rsquo;Exploitation Agricole.<br \/>\n<strong>BTSA<\/strong> : Brevet de Technicien Sup\u00e9rieur Agricole.<br \/>\n<\/span><\/p>\n<h2><span style=\"color: #008000\">C<\/span><\/h2>\n<p><strong>CFA<\/strong> : <span class=\"st\">Centre de Formation d&rsquo;Apprentis.<br \/>\n<\/span><strong>CFPPA<\/strong> : <span class=\"st\">Centre de Formation Professionnelle et de Promotion Agricoles.<br \/>\n<strong>COBEVIM<\/strong>&nbsp;: COop\u00e9rative B\u00e9tail et Viande du Mouton.<br \/>\n<\/span><span class=\"st\"><strong>COMAC<\/strong> : COMit\u00e9 d\u2019ACcompagnement.<br \/>\n<strong>COREMOB<\/strong> : Comit\u00e9 REgional de la MOBilit\u00e9.<br \/>\n<strong>CRIJ<\/strong> : Centre R\u00e9gional Information Jeunesse.<br \/>\n<strong>CS<\/strong> : Certificat de Sp\u00e9cialisation.<br \/>\n<\/span><\/p>\n<h2><span style=\"color: #008000\">D<\/span><\/h2>\n<p><strong>DGER<\/strong> : <span class=\"st\">Direction G\u00e9n\u00e9rale de l&rsquo;Enseignement et de la Recherche.<br \/>\n<\/span><strong>DRAAF<\/strong> : <span class=\"st\">Direction R\u00e9gionale de l&rsquo;Alimentation, de l&rsquo;Agriculture et de la For\u00eat.<\/span><\/p>\n<h2><span style=\"color: #008000\">E<\/span><\/h2>\n<p><strong>EDD<\/strong> : Education au D\u00e9veloppement Durable.<br \/>\n<strong>EEDD<\/strong> : Education \u00e0 l&rsquo;Environnement et au D\u00e9veloppement Durable.<br \/>\n<strong>EPA<\/strong> : Enseigner \u00e0 Produire Autrement.<br \/>\n<strong>EPL<\/strong> : Etablissement Public Local.<br \/>\n<strong>EPLEFPA<\/strong> : Etablissement Public Local d&rsquo;Enseignement et de Formation Professionnelle Agricoles.<br \/>\n<strong>ESN<\/strong> : Erasmus Student Network &#8211; <a href=\"http:\/\/nancy.ixesn.fr\/\" target=\"_blank\" rel=\"noopener\">site Nancy<\/a>.<\/p>\n<h2><span style=\"color: #008000\">G<\/span><\/h2>\n<p><strong>GEMAU&nbsp;<\/strong>:<strong>&nbsp;<\/strong>GEstion et MA\u00eetrise de l&rsquo;eaU (BTSA).<br \/>\n<strong>GF<\/strong> : Gestion Foresti\u00e8re (BTSA).<br \/>\n<strong>GPN<\/strong> : Gestion et Protection de la Nature (BTSA).<\/p>\n<h2><span style=\"color: #008000\">L<\/span><\/h2>\n<p><strong>LEGTA<\/strong> : Lyc\u00e9e d\u2019Enseignement G\u00e9n\u00e9ral et Technologique Agricole.<br \/>\n<strong>LEGTPA<\/strong> : Lyc\u00e9e d\u2019Enseignement G\u00e9n\u00e9ral, Technologique et Professionnel Agricole.<\/p>\n<h2><span style=\"color: #008000\">O<\/span><\/h2>\n<p><strong>OFAJ<\/strong> : Office Franco-Allemand pour la Jeunesse &#8211; <a href=\"https:\/\/www.ofaj.org\/\" target=\"_blank\" rel=\"noopener\">site<\/a>.<\/p>\n<h2><span style=\"color: #008000\">P<\/span><\/h2>\n<p><strong>PA<\/strong> : Productions Animales (BTSA).<\/p>\n<h2><span style=\"color: #008000\">R<\/span><\/h2>\n<p><strong>RDV<\/strong> : rendez-vous.<br \/>\n<strong>RED<\/strong> : R\u00e9seau \u00c9ducation au D\u00e9veloppement.<\/p>\n<h2><span style=\"color: #008000\">S<\/span><\/h2>\n<p><strong>SAU<\/strong> : Surface Agricole Utilis\u00e9e.<br \/>\n<strong>SRFD<\/strong> : Service R\u00e9gional de la Formation et du D\u00e9veloppement.<br \/>\n<strong>STA <\/strong>: Sciences et Technologies des Aliments (BTSA).<br \/>\n<strong>STAV<\/strong> :&nbsp; Sciences et Technologies de l&rsquo;Agronomie et du Vivant (Bac).<\/p>\n<h2><span style=\"color: #008000\">U<\/span><\/h2>\n<p><strong>UTH<\/strong> : Unit\u00e9 de Travail Humain.<\/p>\n<h2><span style=\"color: #008000\">V<\/span><\/h2>\n<p><strong>VFA<\/strong> : Volontariat Franco-Allemand.<\/p>\n","protected":false},"excerpt":{"rendered":"<p>A ACSE : Analyse et Conduite de Syst\u00e8mes d&rsquo;Exploitation (BTSA). ADT : Animation et D\u00e9veloppement des Territoires. APAL : Association de Production Animale de L&rsquo;Est &#8211; site. APV : agronomie et production v\u00e9g\u00e9tale (BTSA). B BNEDD : Bildung f\u00fcr nachhaltige Entwicklung &#8211; Education au D\u00e9veloppement Durable &#8211; site. BP REA : Brevet Professionnel Responsable d&rsquo;Exploitation &hellip; <a href=\"https:\/\/wp.pixerecourt.fr\/granderegion\/glossaire\/\" class=\"more-link\">Continuer la lecture de <span class=\"screen-reader-text\">Glossaire<\/span>  <span class=\"meta-nav\">&rarr;<\/span><\/a><\/p>\n","protected":false},"author":94,"featured_media":0,"parent":0,"menu_order":0,"comment_status":"closed","ping_status":"closed","template":"","meta":{"ngg_post_thumbnail":0,"footnotes":""},"class_list":["post-133","page","type-page","status-publish","hentry"],"_links":{"self":[{"href":"https:\/\/wp.pixerecourt.fr\/granderegion\/wp-json\/wp\/v2\/pages\/133","targetHints":{"allow":["GET"]}}],"collection":[{"href":"https:\/\/wp.pixerecourt.fr\/granderegion\/wp-json\/wp\/v2\/pages"}],"about":[{"href":"https:\/\/wp.pixerecourt.fr\/granderegion\/wp-json\/wp\/v2\/types\/page"}],"author":[{"embeddable":true,"href":"https:\/\/wp.pixerecourt.fr\/granderegion\/wp-json\/wp\/v2\/users\/94"}],"replies":[{"embeddable":true,"href":"https:\/\/wp.pixerecourt.fr\/granderegion\/wp-json\/wp\/v2\/comments?post=133"}],"version-history":[{"count":0,"href":"https:\/\/wp.pixerecourt.fr\/granderegion\/wp-json\/wp\/v2\/pages\/133\/revisions"}],"wp:attachment":[{"href":"https:\/\/wp.pixerecourt.fr\/granderegion\/wp-json\/wp\/v2\/media?parent=133"}],"curies":[{"name":"wp","href":"https:\/\/api.w.org\/{rel}","templated":true}]}}